{"id":6713,"date":"2025-11-18T09:33:47","date_gmt":"2025-11-18T08:33:47","guid":{"rendered":"https:\/\/dev.visitbratislava.com\/events\/dejiny-slovenska-od-praveku-po-velku-moravu-2\/"},"modified":"2025-11-18T09:33:47","modified_gmt":"2025-11-18T08:33:47","slug":"dejiny-slovenska-od-praveku-po-velku-moravu-2","status":"publish","type":"events","link":"https:\/\/dev.visitbratislava.com\/sk\/events\/dejiny-slovenska-od-praveku-po-velku-moravu-2\/","title":{"rendered":"Dejiny Slovenska: Od praveku po Ve\u013ek\u00fa Moravu"},"content":{"rendered":"<p>Z najstar\u0161\u00edch obdob\u00ed pr\u00edtomnosti \u010dloveka na slovenskom \u00fazem\u00ed nies\u00fa \u017eiadne p\u00edsomn\u00e9 spr\u00e1vy. Jedin\u00fdm svedectvom ich \u017eivota s\u00fa archeologick\u00e9 a antropologick\u00e9 n\u00e1lezy. Tie dokazuj\u00fa, \u017ee prv\u00ed \u013eudia sa tu us\u00eddlili u\u017e pred pol mili\u00f3nom rokov. Ich hmotn\u00e1 kult\u00fara dokumentuje spolo\u010densk\u00fd v\u00fdvoj a rozvoj technol\u00f3gi\u00ed, ako aj vplyv civiliza\u010dn\u00fdch \u010di kult\u00farnych podnetov z okolia, predov\u0161etk\u00fdm zo stredomorskej oblasti. Odr\u00e1\u017ea nielen zrod a rozvoj kult\u00far, ale aj ich z\u00e1nik a prevrstvenie nov\u00fdm v\u00fdvojom.<\/p>\n<p>Postupne si obyvate\u013estvo \u00fazemia Slovenska v s\u00falade s v\u00fdvojom v okolitom svete osvojovalo spracovanie organick\u00fdch l\u00e1tok, kame\u0148a, hliny, bronzu, \u017eeleza a \u010fal\u0161\u00edch surov\u00edn. Pod\u013ea materi\u00e1lu, ktor\u00fd sa stal z remeseln\u00e9ho h\u013eadiska dominantn\u00fdm, sa volaj\u00fa aj jednotliv\u00e9 epochy (doba kamenn\u00e1, bronzov\u00e1, \u017eelezn\u00e1). \u010casom sa zdokona\u013eovali technol\u00f3gie a menila sa aj v\u00fdtvarn\u00e1 str\u00e1nka artefaktov. Tento zlo\u017eit\u00fd, nepreru\u0161en\u00fd v\u00fdvoj je v expoz\u00edcii chronologicky zdokumentovan\u00fd na stovk\u00e1ch expon\u00e1tov, poch\u00e1dzaj\u00facich v\u00fdlu\u010dne zo slovensk\u00e9ho \u00fazemia. Nie s\u00fa len svedectvom technologickej a remeselnej \u00farovne ich tvorcov, ale aj postupn\u00e9ho spolo\u010densk\u00e9ho v\u00fdvoja. Mnoh\u00e9 z nich predstavuj\u00fa skuto\u010dn\u00e9 umelecko-remeseln\u00e9 diela, ktor\u00e9 in\u0161piruj\u00fa aj s\u00fa\u010dasn\u00fdch umelcov. Nech\u00fdbaj\u00fa ani predmety, ktor\u00e9 s\u00fa s\u00fa\u010das\u0165ou celoeur\u00f3pskeho kult\u00farneho a historick\u00e9ho dedi\u010dstva. Expoz\u00edcia zachyt\u00e1va v\u00fdvoj slovensk\u00e9ho \u00fazemia od paleolitu a\u017e po prelom 9. a 10. storo\u010dia, teda po obdobie z\u00e1niku Ve\u013ekej Moravy a po\u010diatky formovania Uhorsk\u00e9ho \u0161t\u00e1tu.<\/p>\n<p>\u010cas\u0165 stredovek pokr\u00fdva obdobie od vzniku Uhorsk\u00e9ho kr\u00e1\u013eovstva a\u017e po bitku pri Moh\u00e1\u010di, vymedzen\u00e9 rokmi 1000 a\u017e 1526. Expoz\u00edcia mapuje stredovek\u00e9 politick\u00e9 dejiny, umenie a kult\u00faru. Pojedn\u00e1va o vzniku miest, v\u00fdstavbe hradov, vojenstve i duchovnom \u017eivote stredovek\u00e9ho \u010dloveka. Medzi vystaven\u00fdmi predmetmi vynikaj\u00fa dvojse\u010dn\u00fd me\u010d z 10. storo\u010dia, neskorogotick\u00fd olt\u00e1r z Pal\u00fadzky z roku okolo 1520, rekon\u0161trukcia kachlovej pece a s\u00fabor bohato zdoben\u00fdch stredovek\u00fdch kachl\u00edc \u010di kolekcia minc\u00ed uhorsk\u00fdch kr\u00e1\u013eov od \u0160tefana I. po \u013dudov\u00edta II.<br>\nExpoz\u00edcia Dejiny Slovenska tak v s\u00fa\u010dasnosti pod\u00e1va komplexn\u00fd preh\u013ead o dejinnom v\u00fdvoji a \u017eivote na na\u0161om \u00fazem\u00ed od najstar\u0161\u00edch \u010dias kamennej doby po stredovek.<\/p>\n","protected":false},"excerpt":{"rendered":"<p>Z najstar\u0161\u00edch obdob\u00ed pr\u00edtomnosti \u010dloveka na slovenskom \u00fazem\u00ed nies\u00fa \u017eiadne p\u00edsomn\u00e9 spr\u00e1vy. Jedin\u00fdm svedectvom ich \u017eivota s\u00fa archeologick\u00e9 a antropologick\u00e9 n\u00e1lezy. Tie dokazuj\u00fa, \u017ee prv\u00ed \u013eudia sa tu us\u00eddlili u\u017e pred pol mili\u00f3nom rokov. Ich hmotn\u00e1 kult\u00fara dokumentuje spolo\u010densk\u00fd v\u00fdvoj a rozvoj technol\u00f3gi\u00ed, ako aj vplyv civiliza\u010dn\u00fdch \u010di kult\u00farnych podnetov z okolia, predov\u0161etk\u00fdm zo stredomorskej [&hellip;]<\/p>\n","protected":false},"author":1,"featured_media":6710,"menu_order":0,"template":"","events_category":[351],"price":[],"accesibility":[],"region":[],"class_list":["post-6713","events","type-events","status-publish","has-post-thumbnail","hentry","events_category-expozicie"],"acf":[],"yoast_head":"<!-- This site is optimized with the Yoast SEO plugin v28.1 - https:\/\/yoast.com\/product\/yoast-seo-wordpress\/ -->\n<title>Dejiny Slovenska: Od praveku po Ve\u013ek\u00fa Moravu - Visit Bratislava<\/title>\n<meta name=\"robots\" content=\"noindex, follow, max-snippet:-1, max-image-preview:large, max-video-preview:-1\" \/>\n<meta property=\"og:locale\" content=\"sk_SK\" \/>\n<meta property=\"og:type\" content=\"article\" \/>\n<meta property=\"og:title\" content=\"Dejiny Slovenska: Od praveku po Ve\u013ek\u00fa Moravu - Visit Bratislava\" \/>\n<meta property=\"og:description\" content=\"Z najstar\u0161\u00edch obdob\u00ed pr\u00edtomnosti \u010dloveka na slovenskom \u00fazem\u00ed nies\u00fa \u017eiadne p\u00edsomn\u00e9 spr\u00e1vy. Jedin\u00fdm svedectvom ich \u017eivota s\u00fa archeologick\u00e9 a antropologick\u00e9 n\u00e1lezy. Tie dokazuj\u00fa, \u017ee prv\u00ed \u013eudia sa tu us\u00eddlili u\u017e pred pol mili\u00f3nom rokov. Ich hmotn\u00e1 kult\u00fara dokumentuje spolo\u010densk\u00fd v\u00fdvoj a rozvoj technol\u00f3gi\u00ed, ako aj vplyv civiliza\u010dn\u00fdch \u010di kult\u00farnych podnetov z okolia, predov\u0161etk\u00fdm zo stredomorskej [&hellip;]\" \/>\n<meta property=\"og:url\" content=\"https:\/\/dev.visitbratislava.com\/sk\/events\/dejiny-slovenska-od-praveku-po-velku-moravu-2\/\" \/>\n<meta property=\"og:site_name\" content=\"Visit Bratislava\" \/>\n<meta name=\"twitter:card\" content=\"summary_large_image\" \/>\n<meta name=\"twitter:label1\" content=\"Predpokladan\u00fd \u010das \u010d\u00edtania\" \/>\n\t<meta name=\"twitter:data1\" content=\"2 min\u00faty\" \/>\n<script type=\"application\/ld+json\" class=\"yoast-schema-graph\">{\"@context\":\"https:\\\/\\\/schema.org\",\"@graph\":[{\"@type\":\"WebPage\",\"@id\":\"https:\\\/\\\/dev.visitbratislava.com\\\/sk\\\/events\\\/dejiny-slovenska-od-praveku-po-velku-moravu-2\\\/\",\"url\":\"https:\\\/\\\/dev.visitbratislava.com\\\/sk\\\/events\\\/dejiny-slovenska-od-praveku-po-velku-moravu-2\\\/\",\"name\":\"Dejiny Slovenska: Od praveku po Ve\u013ek\u00fa Moravu - Visit Bratislava\",\"isPartOf\":{\"@id\":\"https:\\\/\\\/dev.visitbratislava.com\\\/sk\\\/#website\"},\"primaryImageOfPage\":{\"@id\":\"https:\\\/\\\/dev.visitbratislava.com\\\/sk\\\/events\\\/dejiny-slovenska-od-praveku-po-velku-moravu-2\\\/#primaryimage\"},\"image\":{\"@id\":\"https:\\\/\\\/dev.visitbratislava.com\\\/sk\\\/events\\\/dejiny-slovenska-od-praveku-po-velku-moravu-2\\\/#primaryimage\"},\"thumbnailUrl\":\"https:\\\/\\\/dev.visitbratislava.com\\\/wp-content\\\/uploads\\\/2026\\\/08\\\/975870-383.jpg\",\"datePublished\":\"2025-11-18T08:33:47+00:00\",\"breadcrumb\":{\"@id\":\"https:\\\/\\\/dev.visitbratislava.com\\\/sk\\\/events\\\/dejiny-slovenska-od-praveku-po-velku-moravu-2\\\/#breadcrumb\"},\"inLanguage\":\"sk-SK\",\"potentialAction\":[{\"@type\":\"ReadAction\",\"target\":[\"https:\\\/\\\/dev.visitbratislava.com\\\/sk\\\/events\\\/dejiny-slovenska-od-praveku-po-velku-moravu-2\\\/\"]}]},{\"@type\":\"ImageObject\",\"inLanguage\":\"sk-SK\",\"@id\":\"https:\\\/\\\/dev.visitbratislava.com\\\/sk\\\/events\\\/dejiny-slovenska-od-praveku-po-velku-moravu-2\\\/#primaryimage\",\"url\":\"https:\\\/\\\/dev.visitbratislava.com\\\/wp-content\\\/uploads\\\/2026\\\/08\\\/975870-383.jpg\",\"contentUrl\":\"https:\\\/\\\/dev.visitbratislava.com\\\/wp-content\\\/uploads\\\/2026\\\/08\\\/975870-383.jpg\"},{\"@type\":\"BreadcrumbList\",\"@id\":\"https:\\\/\\\/dev.visitbratislava.com\\\/sk\\\/events\\\/dejiny-slovenska-od-praveku-po-velku-moravu-2\\\/#breadcrumb\",\"itemListElement\":[{\"@type\":\"ListItem\",\"position\":1,\"name\":\"Home\",\"item\":\"https:\\\/\\\/dev.visitbratislava.com\\\/sk\\\/\"},{\"@type\":\"ListItem\",\"position\":2,\"name\":\"Events\",\"item\":\"https:\\\/\\\/dev.visitbratislava.com\\\/sk\\\/events\\\/\"},{\"@type\":\"ListItem\",\"position\":3,\"name\":\"Dejiny Slovenska: Od praveku po Ve\u013ek\u00fa Moravu\"}]},{\"@type\":\"WebSite\",\"@id\":\"https:\\\/\\\/dev.visitbratislava.com\\\/sk\\\/#website\",\"url\":\"https:\\\/\\\/dev.visitbratislava.com\\\/sk\\\/\",\"name\":\"Visit Bratislava\",\"description\":\"\",\"potentialAction\":[{\"@type\":\"SearchAction\",\"target\":{\"@type\":\"EntryPoint\",\"urlTemplate\":\"https:\\\/\\\/dev.visitbratislava.com\\\/sk\\\/?s={search_term_string}\"},\"query-input\":{\"@type\":\"PropertyValueSpecification\",\"valueRequired\":true,\"valueName\":\"search_term_string\"}}],\"inLanguage\":\"sk-SK\"}]}<\/script>\n<!-- \/ Yoast SEO plugin. -->","yoast_head_json":{"title":"Dejiny Slovenska: Od praveku po Ve\u013ek\u00fa Moravu - Visit Bratislava","robots":{"index":"noindex","follow":"follow","max-snippet":"max-snippet:-1","max-image-preview":"max-image-preview:large","max-video-preview":"max-video-preview:-1"},"og_locale":"sk_SK","og_type":"article","og_title":"Dejiny Slovenska: Od praveku po Ve\u013ek\u00fa Moravu - Visit Bratislava","og_description":"Z najstar\u0161\u00edch obdob\u00ed pr\u00edtomnosti \u010dloveka na slovenskom \u00fazem\u00ed nies\u00fa \u017eiadne p\u00edsomn\u00e9 spr\u00e1vy. Jedin\u00fdm svedectvom ich \u017eivota s\u00fa archeologick\u00e9 a antropologick\u00e9 n\u00e1lezy. Tie dokazuj\u00fa, \u017ee prv\u00ed \u013eudia sa tu us\u00eddlili u\u017e pred pol mili\u00f3nom rokov. Ich hmotn\u00e1 kult\u00fara dokumentuje spolo\u010densk\u00fd v\u00fdvoj a rozvoj technol\u00f3gi\u00ed, ako aj vplyv civiliza\u010dn\u00fdch \u010di kult\u00farnych podnetov z okolia, predov\u0161etk\u00fdm zo stredomorskej [&hellip;]","og_url":"https:\/\/dev.visitbratislava.com\/sk\/events\/dejiny-slovenska-od-praveku-po-velku-moravu-2\/","og_site_name":"Visit Bratislava","twitter_card":"summary_large_image","twitter_misc":{"Predpokladan\u00fd \u010das \u010d\u00edtania":"2 min\u00faty"},"schema":{"@context":"https:\/\/schema.org","@graph":[{"@type":"WebPage","@id":"https:\/\/dev.visitbratislava.com\/sk\/events\/dejiny-slovenska-od-praveku-po-velku-moravu-2\/","url":"https:\/\/dev.visitbratislava.com\/sk\/events\/dejiny-slovenska-od-praveku-po-velku-moravu-2\/","name":"Dejiny Slovenska: Od praveku po Ve\u013ek\u00fa Moravu - Visit Bratislava","isPartOf":{"@id":"https:\/\/dev.visitbratislava.com\/sk\/#website"},"primaryImageOfPage":{"@id":"https:\/\/dev.visitbratislava.com\/sk\/events\/dejiny-slovenska-od-praveku-po-velku-moravu-2\/#primaryimage"},"image":{"@id":"https:\/\/dev.visitbratislava.com\/sk\/events\/dejiny-slovenska-od-praveku-po-velku-moravu-2\/#primaryimage"},"thumbnailUrl":"https:\/\/dev.visitbratislava.com\/wp-content\/uploads\/2026\/08\/975870-383.jpg","datePublished":"2025-11-18T08:33:47+00:00","breadcrumb":{"@id":"https:\/\/dev.visitbratislava.com\/sk\/events\/dejiny-slovenska-od-praveku-po-velku-moravu-2\/#breadcrumb"},"inLanguage":"sk-SK","potentialAction":[{"@type":"ReadAction","target":["https:\/\/dev.visitbratislava.com\/sk\/events\/dejiny-slovenska-od-praveku-po-velku-moravu-2\/"]}]},{"@type":"ImageObject","inLanguage":"sk-SK","@id":"https:\/\/dev.visitbratislava.com\/sk\/events\/dejiny-slovenska-od-praveku-po-velku-moravu-2\/#primaryimage","url":"https:\/\/dev.visitbratislava.com\/wp-content\/uploads\/2026\/08\/975870-383.jpg","contentUrl":"https:\/\/dev.visitbratislava.com\/wp-content\/uploads\/2026\/08\/975870-383.jpg"},{"@type":"BreadcrumbList","@id":"https:\/\/dev.visitbratislava.com\/sk\/events\/dejiny-slovenska-od-praveku-po-velku-moravu-2\/#breadcrumb","itemListElement":[{"@type":"ListItem","position":1,"name":"Home","item":"https:\/\/dev.visitbratislava.com\/sk\/"},{"@type":"ListItem","position":2,"name":"Events","item":"https:\/\/dev.visitbratislava.com\/sk\/events\/"},{"@type":"ListItem","position":3,"name":"Dejiny Slovenska: Od praveku po Ve\u013ek\u00fa Moravu"}]},{"@type":"WebSite","@id":"https:\/\/dev.visitbratislava.com\/sk\/#website","url":"https:\/\/dev.visitbratislava.com\/sk\/","name":"Visit Bratislava","description":"","potentialAction":[{"@type":"SearchAction","target":{"@type":"EntryPoint","urlTemplate":"https:\/\/dev.visitbratislava.com\/sk\/?s={search_term_string}"},"query-input":{"@type":"PropertyValueSpecification","valueRequired":true,"valueName":"search_term_string"}}],"inLanguage":"sk-SK"}]}},"_links":{"self":[{"href":"https:\/\/dev.visitbratislava.com\/sk\/wp-json\/wp\/v2\/events\/6713","targetHints":{"allow":["GET"]}}],"collection":[{"href":"https:\/\/dev.visitbratislava.com\/sk\/wp-json\/wp\/v2\/events"}],"about":[{"href":"https:\/\/dev.visitbratislava.com\/sk\/wp-json\/wp\/v2\/types\/events"}],"author":[{"embeddable":true,"href":"https:\/\/dev.visitbratislava.com\/sk\/wp-json\/wp\/v2\/users\/1"}],"wp:featuredmedia":[{"embeddable":true,"href":"https:\/\/dev.visitbratislava.com\/sk\/wp-json\/wp\/v2\/media\/6710"}],"wp:attachment":[{"href":"https:\/\/dev.visitbratislava.com\/sk\/wp-json\/wp\/v2\/media?parent=6713"}],"wp:term":[{"taxonomy":"events_category","embeddable":true,"href":"https:\/\/dev.visitbratislava.com\/sk\/wp-json\/wp\/v2\/events_category?post=6713"},{"taxonomy":"price","embeddable":true,"href":"https:\/\/dev.visitbratislava.com\/sk\/wp-json\/wp\/v2\/price?post=6713"},{"taxonomy":"accesibility","embeddable":true,"href":"https:\/\/dev.visitbratislava.com\/sk\/wp-json\/wp\/v2\/accesibility?post=6713"},{"taxonomy":"region","embeddable":true,"href":"https:\/\/dev.visitbratislava.com\/sk\/wp-json\/wp\/v2\/region?post=6713"}],"curies":[{"name":"wp","href":"https:\/\/api.w.org\/{rel}","templated":true}]}}